{"id":381,"date":"2019-01-22T22:57:50","date_gmt":"2019-01-22T20:57:50","guid":{"rendered":"https:\/\/www.borchardconsult.com\/?page_id=381"},"modified":"2021-11-10T22:26:59","modified_gmt":"2021-11-10T20:26:59","slug":"datenschutzerklaerung","status":"publish","type":"page","link":"https:\/\/www.borchardconsult.com\/?page_id=381","title":{"rendered":"Datenschutzerkl\u00e4rung"},"content":{"rendered":"\n<h1 class=\"wp-block-heading\">Pr\u00e4ambel<\/h1>\n\n\n\n<p>BorchardConsult.com nimmt den Schutz insbesondere von\npersonenbezogenen Daten sehr ernst und h\u00e4lt sich selbstverst\u00e4ndlich an die\nRegeln der Datenschutzgesetze.<\/p>\n\n\n\n<p>In dieser Erkl\u00e4rung erl\u00e4utern wir <\/p>\n\n\n\n<ul class=\"wp-block-list\"><li>wann und in welchem Umfang wir personenbezogene Daten verarbeiten <\/li><li>\u00fcber die jeweilige Begr\u00fcndung <\/li><li>wann die Daten wieder gel\u00f6scht werden <\/li><li>wie Sie diese (falls m\u00f6glich) selber l\u00f6schen k\u00f6nnen<\/li><li>wie Sie (falls m\u00f6glich) der Verarbeitung widersprechen k\u00f6nnen<\/li><\/ul>\n\n\n\n<p>Sollte es dar\u00fcber hinaus Kl\u00e4rungsbedarf geben, stellen Sie gerne eine Anfrage per Mail an die im <a href=\"https:\/\/www.borchardconsult.com\/?page_id=215\">Impressum<\/a> angegebene Kontaktadresse. <\/p>\n\n\n\n<p>Wir verarbeiten personenbezogene Daten unserer Nutzer\ngrunds\u00e4tzlich nur, soweit dies zur Bereitstellung einer funktionsf\u00e4higen\nWebsite bzw. zu deren Optimierung erforderlich ist. <\/p>\n\n\n\n<p>Die Verarbeitung erfolgt nur im Rahmen des Hosting f\u00fcr\nBorchardConsult.com auf Servern in Deutschland sowie auf internen Systemen von\nBorchardConsult.com.<\/p>\n\n\n\n<h1 class=\"wp-block-heading\">\u00dcbersicht \u00fcber die Datenverarbeitung<\/h1>\n\n\n\n<h2 class=\"wp-block-heading\">Erhebung und Verarbeitung von Daten in Logfiles<\/h2>\n\n\n\n<p>Bei jedem Abruf einer Webseite werden vom abrufenden\nInternetbrowser auf Ihrem Computer allgemeine Informationen mitgesendet, welche\nvom die Website ausliefernden Server in sogenannten Server-Logfiles gespeichert\nwerden. <\/p>\n\n\n\n<p>Diese beinhaltet folgende Daten<\/p>\n\n\n\n<ul class=\"wp-block-list\"><li>aufgerufene Seite<\/li><li>aufrufende IP-Adresse<\/li><li>Datum und Uhrzeit des Abrufs <\/li><li>weitere Parameter des Aufrufs, sofern vorhanden<\/li><li>Art und Version des verwendeten Webbrowsers<\/li><li>das installierte Betriebssystem<\/li><li>gegebenenfalls die vorher besuchte Webseite, auf\nder per Link auf borchardconsult.com verwiesen wurde<\/li><li>ggf. Fehler, die bei der Verarbeitung der\nAnfrage entstanden sind<\/li><\/ul>\n\n\n\n<p>Ohne diese Daten w\u00e4re es technisch teilweise nicht m\u00f6glich, die Inhalte der Webseite auszuliefern (z.B. Aufgerufene Seite, IP-Adresse Ihres Computers) oder spezifisch auf Ihr Endger\u00e4t abzustimmen (Browser, Betriebssystem). <\/p>\n\n\n\n<p>Die Speicherung in Log\ufb01les erfolgt, um die\nFunktionsf\u00e4higkeit der Website sicherzustellen und zu verbessern. Nur mit den\nLogfiles kann Fehleranalyse betrieben werden, in diesen k\u00f6nnen Angriffe auf die\nWebsite erkannt werden, oder es kann analysiert werden, welche Endger\u00e4te\nst\u00e4rker unterst\u00fctzt werden sollten. <\/p>\n\n\n\n<p>In diesen Zwecken liegt unser berechtigtes Interesse an der Datenverarbeitung nach <a href=\"https:\/\/dsgvo-gesetz.de\/art-6-dsgvo\/\">Art. 6<\/a> Abs. 1 f) DSGVO.<\/p>\n\n\n\n<p>Die Daten in den Logfiles sind potenziell personenbezogene\nDaten. Es kann auf Ihre Person r\u00fcckgeschlossen werden, wenn nur Sie das\nentsprechende Endger\u00e4t oder Browserprofil benutzen und den Browser nicht auf\n\u201eprivaten Modus\u201c geschaltet haben. <\/p>\n\n\n\n<p>Die Logfiles werden nach einer Frist von 5 Tagen gel\u00f6scht. <\/p>\n\n\n\n<p>Die Erfassung der Daten in Logfiles ist f\u00fcr den Betrieb der\nInternetseite zwingend erforderlich. Es besteht folglich seitens des Nutzers\nkeine Widerspruchsm\u00f6glichkeit.<\/p>\n\n\n\n<p>Eine Weitergabe der Daten an Dritte findet nicht statt. <\/p>\n\n\n\n<h2 class=\"wp-block-heading\">Statistische Auswertung<\/h2>\n\n\n\n<p>Die in den Logfiles abgespeicherten Daten werden \u2013 zusammen\nmit einigen zus\u00e4tzlichen Datenpunkten wie der Bildschirmaufl\u00f6sung Ihres Ger\u00e4ts und\nder Verweildauer auf jeder Seite des Angebots \u2013 von einer WordPress-Erweiterung\nin einer Datenbank auf dem Webserver gespeichert und sind erst dadurch\nanalysierbar. <\/p>\n\n\n\n<p>Die Software ist so eingestellt, dass die IP-Adressen nicht vollst\u00e4ndig gespeichert werden, sondern der letzte Teil durch eine Null ersetzt wird (Bsp.:&nbsp; 192.168.3.0). Dadurch sind die Daten nicht mehr einem aufrufenden Rechner zuzuordnen und damit auch nicht einem Nutzer. Die Daten sind dadurch nicht mehr personengebunden. <\/p>\n\n\n\n<p>Diese Daten werden nach einer Frist von einem Jahr gel\u00f6scht.\n<\/p>\n\n\n\n<p>Beim erstmaligen Besuch der Website k\u00f6nnen Sie einen\nWiderspruch gegen diese Speicherung einlegen, der f\u00fcr ein Jahr in einem Cookie\ngespeichert bleibt (siehe unten).<\/p>\n\n\n\n<p>Eine Weitergabe der Daten an Dritte findet nicht statt. <\/p>\n\n\n\n<h2 class=\"wp-block-heading\">Cookies<\/h2>\n\n\n\n<p>Unser Webangebot verwendet an mehreren Stellen so genannte\nCookies. Cookies sind kleine Textdateien, die auf Ihrem Rechner abgelegt werden\nund die Ihr Browser speichert.<\/p>\n\n\n\n<p>Beim Aufruf unserer Website werden die Nutzer durch einen\nInfobanner \u00fcber die Verwendung von Cookies&nbsp; informiert und auf diese\nDatenschutzerkl\u00e4rung verwiesen.<\/p>\n\n\n\n<p>Folgende technisch notwendige persistente Cookies werden\nverwendet:<\/p>\n\n\n\n<ul class=\"wp-block-list\"><li>ein Cookie, in dem gespeichert wird, dass Sie\ndas Infobanner zur Verwendung von Cookies gesehen und weggeklickt haben. Sie\nbekommen das Infobanner dann nicht auf jeder Seite erneut angezeigt.<\/li><li>ein Cookie, in dem gegebenenfalls gespeichert\nwird, dass der Besuch der Website nicht durch unser Analyse-Tool erfasst werden\nsoll. Sie werden dann nicht st\u00e4ndig erneut gefragt.<\/li><\/ul>\n\n\n\n<p>Persistente Cookies bleiben auch bei geschlossenem Webbrowser\nund ausgeschaltetem Computer gespeichert und stehen unserem Webserver wieder\nzur Verf\u00fcgung, wenn Sie unsere Website erneut aufrufen. <\/p>\n\n\n\n<p>Cookies werden auf dem Rechner des Nutzers gespeichert.\nDaher haben Sie als Nutzer auch die volle Kontrolle \u00fcber die Verwendung von\nCookies und k\u00f6nnen diese jederzeit \u2013 in der Regel in den Einstellungen Ihres\nWebbrowsers \u2013 ansehen und selbst l\u00f6schen. <\/p>\n\n\n\n<p>Die meisten Cookies haben ein Ablaufdatum, welches sie im\nWebbrowser ansehen k\u00f6nnen. Sie k\u00f6nnen Ihren Browser so einstellen, dass Sie\n\u00fcber das Setzen von Cookies informiert werden und Cookies nur im Einzelfall\nerlauben, die Annahme von Cookies f\u00fcr bestimmte F\u00e4lle oder generell\nausschlie\u00dfen, sowie das automatische L\u00f6schen der Cookies beim Schlie\u00dfen des\nBrowsers aktivieren. Wie das im Einzelnen funktioniert, entnehmen Sie bitte der\nAnleitung oder der Hilfe-Funktion Ihres Webbrowsers. <\/p>\n\n\n\n<p>Die durch Cookies verarbeiteten Daten sind f\u00fcr die genannten Zwecke zur Wahrung unserer berechtigten Interessen nach <a href=\"https:\/\/dsgvo-gesetz.de\/art-6-dsgvo\/\">Art. 6<\/a> Abs. 1 f) DSGVO erforderlich.<\/p>\n\n\n\n<h1 class=\"wp-block-heading\">\u00dcbersicht \u00fcber Ihre Rechte als Nutzer unserer Website<\/h1>\n\n\n\n<p>Werden personenbezogene Daten von Ihnen verarbeitet, sind Sie Betroffener im Sinne der  <a href=\"https:\/\/dsgvo-gesetz.de\/\">DSGVO<\/a> und es stehen Ihnen folgende Rechte uns gegen\u00fcber zu:<\/p>\n\n\n\n<h2 class=\"wp-block-heading\">Auskunftsrecht (vgl. <a href=\"https:\/\/dsgvo-gesetz.de\/art-15-dsgvo\/\">Art. 15<\/a> DSGVO)<\/h2>\n\n\n\n<p>Sie k\u00f6nnen von uns unentgeltliche Auskunft dar\u00fcber\nverlangen, ob personenbezogene Daten, die Sie betreffen, von uns verarbeitet\nwerden. <\/p>\n\n\n\n<p>Ist dies der Fall, haben Sie Auskunftsrechte \u00fcber <\/p>\n\n\n\n<ul class=\"wp-block-list\"><li>die Zwecke, zu denen die personenbezogenen Daten verarbeitet werden;<\/li><li>die Kategorien von personenbezogenen Daten, welche verarbeitet werden;<\/li><li>die Empf\u00e4nger bzw. die Kategorien von Empf\u00e4ngern, gegen\u00fcber denen die Sie betreffenden personenbezogenen Daten offengelegt wurden oder noch offengelegt werden<\/li><li>falls personenbezogene Daten von Ihnen in ein Drittland oder an eine internationale Organisation \u00fcbermittelt werden, k\u00f6nnen Sie zus\u00e4tzlich verlangen, \u00fcber die geeigneten Garantien gem. <a href=\"https:\/\/dsgvo-gesetz.de\/art-46-dsgvo\/\">Art. 46 DSGVO<\/a> im Zusammenhang mit der \u00dcbermittlung unterrichtet zu werden.<\/li><li>die geplante Dauer der Speicherung der Sie betreffenden personenbezogenen Daten oder, falls konkrete Angaben hierzu nicht m\u00f6glich sind, Kriterien f\u00fcr die Festlegung der Speicherdauer;<\/li><li>das Bestehen eines Rechts auf Berichtigung oder L\u00f6schung der Sie betreffenden personenbezogenen Daten, eines Rechts auf Einschr\u00e4nkung der Verarbeitung durch den Verantwortlichen oder eines Widerspruchsrechts gegen diese Verarbeitung;<\/li><li>das Bestehen eines Beschwerderechts bei einer Aufsichtsbeh\u00f6rde;<\/li><li>alle verf\u00fcgbaren Informationen \u00fcber die Herkunft der Daten, wenn die personenbezogenen Daten nicht bei der betroffenen Person erhoben werden;<\/li><li>das Bestehen einer automatisierten Entscheidungsfindung einschlie\u00dflich Profiling gem\u00e4\u00df <a href=\"https:\/\/dsgvo-gesetz.de\/art-22-dsgvo\/\">Art. 22<\/a> Abs. 1 und 4 DSGVO und \u2013 zumindest in diesen F\u00e4llen \u2013 aussagekr\u00e4ftige Informationen \u00fcber die involvierte Logik sowie die Tragweite und die angestrebten Auswirkungen einer derartigen Verarbeitung f\u00fcr die betroffene Person.<\/li><\/ul>\n\n\n\n<h2 class=\"wp-block-heading\">Recht auf Berichtigung (vgl. <a href=\"https:\/\/dsgvo-gesetz.de\/art-16-dsgvo\/\">Art. 16<\/a> DSGVO)<\/h2>\n\n\n\n<p>Sie haben ein Recht auf Berichtigung und\/oder Vervollst\u00e4ndigung uns gegen\u00fcber, sofern die verarbeiteten personenbezogenen Daten, die Sie betreffen, unrichtig oder unvollst\u00e4ndig sind. Diese ist durch uns unverz\u00fcglich vorzunehmen bzw. einzuleiten.<\/p>\n\n\n\n<h2 class=\"wp-block-heading\">Recht auf Einschr\u00e4nkung der Verarbeitung (vgl. <a href=\"https:\/\/dsgvo-gesetz.de\/art-18-dsgvo\/\">Art. 18<\/a> DSGVO)<\/h2>\n\n\n\n<p>Unter den folgenden Voraussetzungen k\u00f6nnen Sie die\nEinschr\u00e4nkung der Verarbeitung der Sie betreffenden personenbezogenen Daten\nverlangen:<\/p>\n\n\n\n<ul class=\"wp-block-list\"><li>wenn Sie die Richtigkeit der Sie betreffenden personenbezogenen f\u00fcr eine Dauer bestreiten, die es uns erm\u00f6glicht, die Richtigkeit der personenbezogenen Daten zu \u00fcberpr\u00fcfen;<\/li><li>die Verarbeitung unrechtm\u00e4\u00dfig ist und Sie die L\u00f6schung der personenbezogenen Daten ablehnen und stattdessen die Einschr\u00e4nkung der Nutzung der personenbezogenen Daten verlangen;<\/li><li>wir die personenbezogenen Daten f\u00fcr die Zwecke der Verarbeitung nicht l\u00e4nger ben\u00f6tigen, Sie diese jedoch zur Geltendmachung, Aus\u00fcbung oder Verteidigung von Rechtsanspr\u00fcchen ben\u00f6tigen, oder<\/li><li>wenn Sie Widerspruch gegen die Verarbeitung gem\u00e4\u00df <a href=\"https:\/\/dsgvo-gesetz.de\/art-21-dsgvo\/\">Art. 21<\/a> Abs. 1 DSGVO eingelegt haben und noch nicht feststeht, ob unsere berechtigten Gr\u00fcnde gegen\u00fcber Ihren Gr\u00fcnden \u00fcberwiegen.<\/li><\/ul>\n\n\n\n<p>Wurde die Verarbeitung der Sie betreffenden\npersonenbezogenen Daten eingeschr\u00e4nkt, d\u00fcrfen diese Daten \u2013 von ihrer\nSpeicherung abgesehen \u2013 nur mit Ihrer Einwilligung oder zur Geltendmachung, Aus\u00fcbung\noder Verteidigung von Rechtsanspr\u00fcchen oder zum Schutz der Rechte einer anderen\nnat\u00fcrlichen oder juristischen Person oder aus Gr\u00fcnden eines wichtigen \u00f6ffentlichen\nInteresses der Union oder eines Mitgliedstaats verarbeitet werden.<\/p>\n\n\n\n<p>Wurde die Einschr\u00e4nkung der Verarbeitung nach den o.g.\nVoraussetzungen eingeschr\u00e4nkt, werden Sie von uns unterrichtet, bevor die\nEinschr\u00e4nkung aufgehoben wird.<\/p>\n\n\n\n<h2 class=\"wp-block-heading\">Recht auf L\u00f6schung (vgl. <a href=\"https:\/\/dsgvo-gesetz.de\/art-17-dsgvo\/\">Art. 17<\/a> DSGVO)<\/h2>\n\n\n\n<p><strong>L\u00f6schungspflicht <\/strong><\/p>\n\n\n\n<p>Sie k\u00f6nnen von uns verlangen, dass die Sie betreffenden\npersonenbezogenen Daten unverz\u00fcglich gel\u00f6scht werden, und wir sind verpflichtet,\ndiese Daten unverz\u00fcglich zu l\u00f6schen bzw. die L\u00f6schung einzuleiten, sofern einer\nder folgenden Gr\u00fcnde zutrifft:<\/p>\n\n\n\n<ul class=\"wp-block-list\"><li>die Sie betreffenden personenbezogenen Daten sind f\u00fcr die Zwecke, f\u00fcr die sie erhoben oder auf sonstige Weise verarbeitet wurden, nicht mehr notwendig<\/li><li>Sie widerrufen Ihre Einwilligung, auf die sich die Verarbeitung gem. <a href=\"https:\/\/dsgvo-gesetz.de\/art-6-dsgvo\/\">Art. 6<\/a> Abs. 1 a) oder <a href=\"https:\/\/dsgvo-gesetz.de\/art-9-dsgvo\/\">Art. 9<\/a> Abs. 2 a) DSGVO st\u00fctzte, und es fehlt an einer anderweitigen Rechtsgrundlage f\u00fcr die Verarbeitung<\/li><li>Sie legen gem. <a href=\"https:\/\/dsgvo-gesetz.de\/art-21-dsgvo\/\">Art. 21<\/a> Abs. 1 DSGVO Widerspruch gegen die Verarbeitung ein und es liegen keine vorrangigen berechtigten Gr\u00fcnde f\u00fcr die Verarbeitung vor, oder Sie legen gem. <a href=\"https:\/\/dsgvo-gesetz.de\/art-21-dsgvo\/\">Art. 21<\/a> Abs. 2 DSGVO Widerspruch gegen die Verarbeitung ein<\/li><li>die Sie betreffenden personenbezogenen Daten wurden unrechtm\u00e4\u00dfig verarbeitet.<\/li><li>die L\u00f6schung der Sie betreffenden personenbezogenen Daten ist zur Erf\u00fcllung einer rechtlichen Verpflichtung nach dem Unionsrecht oder dem Recht der Mitgliedstaaten erforderlich, dem wir unterliegen<\/li><li>die Sie betreffenden personenbezogenen Daten wurden in Bezug auf angebotene Dienste der Informationsgesellschaft gem\u00e4\u00df <a href=\"https:\/\/dsgvo-gesetz.de\/art-8-dsgvo\/\">Art. 8<\/a> Abs. 1 DSGVO erhoben.<\/li><\/ul>\n\n\n\n<p><strong>Information an Dritte<\/strong><\/p>\n\n\n\n<p>Haben wir die Sie betreffenden personenbezogenen Daten \u00f6ffentlich gemacht und sind wir gem. <a href=\"https:\/\/dsgvo-gesetz.de\/art-17-dsgvo\/\">Art. 17<\/a> Abs. 1 DSGVO zu deren L\u00f6schung verpflichtet, treffen wir unter Ber\u00fccksichtigung der verf\u00fcgbaren Technologie und der Implementierungskosten angemessene Ma\u00dfnahmen, auch technischer Art, um f\u00fcr die Datenverarbeitung Verantwortliche, die die personenbezogenen Daten verarbeiten, dar\u00fcber zu informieren, dass Sie als betroffene Person die L\u00f6schung aller Links zu diesen personenbezogenen Daten oder von Kopien oder Replikationen dieser personenbezogenen Daten verlangt haben.<\/p>\n\n\n\n<p><strong>Ausnahmen<\/strong><\/p>\n\n\n\n<p>Das Recht auf L\u00f6schung besteht nicht, soweit die\nVerarbeitung erforderlich ist<\/p>\n\n\n\n<ul class=\"wp-block-list\"><li>zur Aus\u00fcbung des Rechts auf freie Meinungs\u00e4u\u00dferung und Information;<\/li><li>zur Erf\u00fcllung einer rechtlichen Verpflichtung, die die Verarbeitung nach dem Recht der Union oder dem f\u00fcr uns g\u00fcltigen Recht von Mitgliedstaaten erfordert, <\/li><li>oder zur Wahrnehmung einer Aufgabe, die im \u00f6ffentlichen Interesse liegt oder in Aus\u00fcbung \u00f6ffentlicher Gewalt erfolgt, die uns \u00fcbertragen wurde;<\/li><li>aus Gr\u00fcnden des \u00f6ffentlichen Interesses im Bereich der \u00f6ffentlichen Gesundheit gem\u00e4\u00df <a href=\"https:\/\/dsgvo-gesetz.de\/art-9-dsgvo\/\">Art. 9<\/a> Abs. 2 h) und i) sowie <a href=\"https:\/\/dsgvo-gesetz.de\/art-9-dsgvo\/\">Art. 9<\/a> Abs. 3 DSGVO;<\/li><li>f\u00fcr im \u00f6ffentlichen Interesse liegende Archivzwecke, wissenschaftliche oder historische Forschungszwecke oder f\u00fcr statistische Zwecke gem. <a href=\"https:\/\/dsgvo-gesetz.de\/art-89-dsgvo\/\">Art. 89<\/a> Abs. 1 DSGVO, soweit die L\u00f6schungspflicht voraussichtlich die Verwirklichung der Ziele dieser Verarbeitung unm\u00f6glich macht oder ernsthaft beeintr\u00e4chtigt, oder<\/li><li>zur Geltendmachung, Aus\u00fcbung oder Verteidigung von Rechtsanspr\u00fcchen.<\/li><\/ul>\n\n\n\n<h2 class=\"wp-block-heading\">Recht auf Unterrichtung (vgl. <a href=\"https:\/\/dsgvo-gesetz.de\/art-19-dsgvo\/\">Art. 19<\/a> DSGVO)<\/h2>\n\n\n\n<p>Haben Sie das Recht auf Berichtigung, L\u00f6schung oder\nEinschr\u00e4nkung der Verarbeitung uns gegen\u00fcber geltend gemacht, sind wir verpflichtet,\nallen Empf\u00e4ngern, denen die Sie betreffenden personenbezogenen Daten offengelegt\nwurden, diese Berichtigung oder L\u00f6schung der Daten oder Einschr\u00e4nkung der\nVerarbeitung mitzuteilen, es sei denn, dies erweist sich als unm\u00f6glich oder ist\nmit einem unverh\u00e4ltnism\u00e4\u00dfigen Aufwand verbunden.<\/p>\n\n\n\n<p>Ihnen steht uns gegen\u00fcber das Recht zu, \u00fcber diese Empf\u00e4nger\nunterrichtet zu werden.<\/p>\n\n\n\n<h2 class=\"wp-block-heading\">Recht auf Daten\u00fcbertragbarkeit (vgl. <a href=\"https:\/\/dsgvo-gesetz.de\/art-20-dsgvo\/\">Art. 20<\/a> DSGVO)<\/h2>\n\n\n\n<p>Sie haben das Recht, die Sie betreffenden personenbezogenen\nDaten, die Sie uns bereitgestellt haben, in einem strukturierten, g\u00e4ngigen und\nmaschinenlesbaren Format zu erhalten. <\/p>\n\n\n\n<p>Au\u00dferdem haben Sie das Recht diese Daten einem anderen\nVerantwortlichen ohne Behinderung durch uns zu \u00fcbermitteln, sofern <\/p>\n\n\n\n<ul class=\"wp-block-list\"><li>die Verarbeitung auf einer Einwilligung gem. <a href=\"https:\/\/dsgvo-gesetz.de\/art-6-dsgvo\/\">Art. 6<\/a> Abs. 1 a) DSGVO oder <a href=\"https:\/\/dsgvo-gesetz.de\/art-9-dsgvo\/\">Art. 9<\/a> Abs. 2 a) DSGVO oder auf einem Vertrag gem. <a href=\"https:\/\/dsgvo-gesetz.de\/art-6-dsgvo\/\">Art. 6<\/a> Abs. 1 b) DSGVO beruht und<\/li><li>die Verarbeitung mithilfe automatisierter Verfahren erfolgt.<\/li><\/ul>\n\n\n\n<p>In Aus\u00fcbung dieses Rechts haben Sie ferner das Recht, zu\nerwirken, dass die Sie betreffenden personenbezogenen Daten direkt von uns an\neinen anderen Verantwortlichen \u00fcbermittelt werden, soweit dies technisch\nmachbar ist. Freiheiten und Rechte anderer Personen d\u00fcrfen hierdurch nicht\nbeeintr\u00e4chtigt werden. Das Recht auf Daten\u00fcbertragbarkeit gilt nicht f\u00fcr eine\nVerarbeitung personenbezogener Daten, die f\u00fcr die Wahrnehmung einer Aufgabe\nerforderlich ist, die im \u00f6ffentlichen Interesse liegt oder in Aus\u00fcbung \u00f6ffentlicher\nGewalt erfolgt, die dem Verantwortlichen \u00fcbertragen wurde.<\/p>\n\n\n\n<h2 class=\"wp-block-heading\">Widerspruchsrecht (vgl. <a href=\"https:\/\/dsgvo-gesetz.de\/art-21-dsgvo\/\">Art. 21<\/a> DSGVO)<\/h2>\n\n\n\n<p>Sie haben das Recht, aus Gr\u00fcnden, die sich aus ihrer besonderen Situation ergeben, jederzeit gegen die Verarbeitung der Sie betreffenden personenbezogenen Daten, die aufgrund von <a href=\"https:\/\/dsgvo-gesetz.de\/art-6-dsgvo\/\">Art. 6<\/a> Abs. 1 e) oder f) DSGVO erfolgt, Widerspruch einzulegen; dies gilt auch f\u00fcr ein auf diese Bestimmungen gest\u00fctztes Profiling.<\/p>\n\n\n\n<p>Nach einem Widerspruch verarbeiten wir die Sie betreffenden\npersonenbezogenen Daten nicht mehr, es sei denn, wir k\u00f6nnen zwingende\nschutzw\u00fcrdige Gr\u00fcnde f\u00fcr die Verarbeitung nachweisen, die Ihre Interessen, Rechte\nund Freiheiten \u00fcberwiegen, oder die Verarbeitung dient der Geltendmachung,\nAus\u00fcbung oder Verteidigung von Rechtsanspr\u00fcchen.<\/p>\n\n\n\n<p>Werden die Sie betreffenden personenbezogenen Daten verarbeitet, um Direktwerbung zu betreiben, haben Sie das Recht, jederzeit Widerspruch gegen die Verarbeitung der Sie betreffenden personenbezogenen Daten zum Zwecke derartiger Werbung einzulegen; dies gilt auch f\u00fcr das Profiling, soweit es mit solcher Direktwerbung in Verbindung steht. Widersprechen Sie der Verarbeitung f\u00fcr Zwecke der Direktwerbung, so werden die Sie betreffenden  <br>personenbezogenen Daten nicht mehr f\u00fcr diese Zwecke verarbeitet. <\/p>\n\n\n\n<p>Sie haben die M\u00f6glichkeit, im Zusammenhang mit der Nutzung von Diensten der Informationsgesellschaft \u2013 ungeachtet der <a href=\"https:\/\/eur-lex.europa.eu\/legal-content\/DE\/TXT\/?uri=celex%3A32002L0058\">Richtlinie 2002\/58\/EG<\/a> \u2013 Ihr Widerspruchsrecht mittels automatisierter Verfahren auszu\u00fcben, bei denen technische Spezifikationen verwendet werden.<\/p>\n\n\n\n<h2 class=\"wp-block-heading\">Recht auf Widerruf der datenschutzrechtlichen Einwilligungserkl\u00e4rung<\/h2>\n\n\n\n<p>Sie haben das Recht, Ihre datenschutzrechtliche\nEinwilligungserkl\u00e4rung jederzeit zu widerrufen. Durch den Widerruf der\nEinwilligung wird die Rechtm\u00e4\u00dfigkeit der aufgrund der Einwilligung bis zum\nWiderruf erfolgten Verarbeitung nicht ber\u00fchrt.<\/p>\n\n\n\n<h2 class=\"wp-block-heading\">Recht auf Ablehnung von automatisierte Entscheidungen im Einzelfall einschlie\u00dflich Profiling (vgl. <a href=\"https:\/\/dsgvo-gesetz.de\/art-22-dsgvo\/\">Art. 22<\/a> DSGVO)<\/h2>\n\n\n\n<p>Sie haben das Recht, nicht einer ausschlie\u00dflich auf einer\nautomatisierten Verarbeitung \u2013 einschlie\u00dflich Profiling \u2013 beruhenden\nEntscheidung unterworfen zu werden, die Ihnen gegen\u00fcber rechtliche Wirkung entfaltet\noder Sie in \u00e4hnlicher Weise erheblich beeintr\u00e4chtigt. Dies gilt nicht, wenn die\nEntscheidung<\/p>\n\n\n\n<ul class=\"wp-block-list\"><li>f\u00fcr den Abschluss oder die Erf\u00fcllung eines\nVertrags zwischen Ihnen und dem Verantwortlichen erforderlich ist,<\/li><li>aufgrund von Rechtsvorschriften der Union oder\nder Mitgliedstaaten, denen der Verantwortliche unterliegt, zul\u00e4ssig ist und\ndiese Rechtsvorschriften angemessene Ma\u00dfnahmen zur Wahrung Ihrer Rechte und\nFreiheiten sowie Ihrer berechtigten Interessen enthalten oder<\/li><li>mit Ihrer ausdr\u00fccklichen Einwilligung erfolgt.<\/li><\/ul>\n\n\n\n<p>Allerdings d\u00fcrfen diese Entscheidungen nicht auf besonderen Kategorien personenbezogener Daten nach <a href=\"https:\/\/dsgvo-gesetz.de\/art-9-dsgvo\/\">Art. 9<\/a> Abs. 1 DSGVO beruhen, sofern nicht <a href=\"https:\/\/dsgvo-gesetz.de\/art-9-dsgvo\/\">Art. 9<\/a> Abs. 2 a) oder g) DSGVO gilt und angemessene Ma\u00dfnahmen zum Schutz der Rechte und Freiheiten sowie Ihrer berechtigten Interessen getroffen wurden.<\/p>\n\n\n\n<p>Im Falle der Verarbeitung von Daten, die den besonderen Kategorien personenbezogener Daten nach <a href=\"https:\/\/dsgvo-gesetz.de\/art-9-dsgvo\/\">Art. 9<\/a> Abs. 1 DSGVO  geh\u00f6ren und die nach  <a href=\"https:\/\/dsgvo-gesetz.de\/art-9-dsgvo\/\">Art. 9<\/a> Abs. 2 a) oder g) DSGVO  verarbeitet werden d\u00fcrfen, treffen wir angemessene Ma\u00dfnahmen, um Ihre Rechte und Freiheiten sowie Ihre berechtigten Interessen zu wahren, wozu mindestens das Recht auf Erwirkung des Eingreifens einer Person auf unserer Seite, auf Darlegung des eigenen Standpunkts und auf Anfechtung der Entscheidung geh\u00f6rt.  <br><\/p>\n\n\n\n<h2 class=\"wp-block-heading\">Recht auf Beschwerde bei einer Aufsichtsbeh\u00f6rde<\/h2>\n\n\n\n<p>Unbeschadet eines anderweitigen verwaltungsrechtlichen oder gerichtlichen Rechtsbehelfs steht Ihnen das Recht auf Beschwerde bei einer Aufsichtsbeh\u00f6rde, insbesondere in dem Mitgliedstaat ihres Aufenthaltsorts, ihres Arbeitsplatzes oder des Orts des mutma\u00dflichen Versto\u00dfes, zu, wenn Sie der Ansicht sind, dass die Verarbeitung der Sie betreffenden personenbezogenen Daten gegen die DSGVO verst\u00f6\u00dft. Die Aufsichtsbeh\u00f6rde, bei der die Beschwerde eingereicht wurde, unterrichtet den Beschwerdef\u00fchrer \u00fcber den Stand und die Ergebnisse der Beschwerde einschlie\u00dflich der M\u00f6glichkeit eines gerichtlichen Rechtsbehelfs nach <a href=\"https:\/\/dsgvo-gesetz.de\/art-78-dsgvo\/\">Art. 78<\/a> DSGVO.<\/p>\n","protected":false},"excerpt":{"rendered":"<p>Pr\u00e4ambel BorchardConsult.com nimmt den Schutz insbesondere von personenbezogenen Daten sehr ernst und h\u00e4lt sich selbstverst\u00e4ndlich an die Regeln der Datenschutzgesetze. In dieser Erkl\u00e4rung erl\u00e4utern wir wann und in welchem Umfang wir personenbezogene Daten verarbeiten \u00fcber die jeweilige Begr\u00fcndung wann die Daten wieder gel\u00f6scht werden wie Sie diese (falls m\u00f6glich) selber l\u00f6schen k\u00f6nnen wie Sie (falls [&hellip;]<\/p>\n","protected":false},"author":1,"featured_media":0,"parent":0,"menu_order":0,"comment_status":"closed","ping_status":"closed","template":"","meta":{"footnotes":""},"class_list":["post-381","page","type-page","status-publish","hentry"],"_links":{"self":[{"href":"https:\/\/www.borchardconsult.com\/index.php?rest_route=\/wp\/v2\/pages\/381"}],"collection":[{"href":"https:\/\/www.borchardconsult.com\/index.php?rest_route=\/wp\/v2\/pages"}],"about":[{"href":"https:\/\/www.borchardconsult.com\/index.php?rest_route=\/wp\/v2\/types\/page"}],"author":[{"embeddable":true,"href":"https:\/\/www.borchardconsult.com\/index.php?rest_route=\/wp\/v2\/users\/1"}],"replies":[{"embeddable":true,"href":"https:\/\/www.borchardconsult.com\/index.php?rest_route=%2Fwp%2Fv2%2Fcomments&post=381"}],"version-history":[{"count":4,"href":"https:\/\/www.borchardconsult.com\/index.php?rest_route=\/wp\/v2\/pages\/381\/revisions"}],"predecessor-version":[{"id":404,"href":"https:\/\/www.borchardconsult.com\/index.php?rest_route=\/wp\/v2\/pages\/381\/revisions\/404"}],"wp:attachment":[{"href":"https:\/\/www.borchardconsult.com\/index.php?rest_route=%2Fwp%2Fv2%2Fmedia&parent=381"}],"curies":[{"name":"wp","href":"https:\/\/api.w.org\/{rel}","templated":true}]}}